{"id":134,"date":"2015-05-04T09:06:05","date_gmt":"2015-05-04T09:06:05","guid":{"rendered":"http:\/\/owwwlab.com\/wp-faculty-2\/?page_id=2"},"modified":"2025-11-16T08:44:08","modified_gmt":"2025-11-16T07:44:08","slug":"sample-page-2","status":"publish","type":"page","link":"https:\/\/www.solveig-serre.fr\/","title":{"rendered":"Accueil"},"content":{"rendered":"<p>[vc_row parallax=\u00a0\u00bbcontent-moving\u00a0\u00bb parallax_image=\u00a0\u00bb1139&Prime; css=\u00a0\u00bb.vc_custom_1611139503454{background-color: rgba(252,252,252,0.61) !important;*background-color: rgb(252,252,252) !important;}\u00a0\u00bb][vc_column width=\u00a0\u00bb1\/2&Prime;][\/vc_column][vc_column width=\u00a0\u00bb1\/2&Prime;][vc_empty_space height=\u00a0\u00bb100px\u00a0\u00bb]<h1 class=\"fac-big-title fac-title text-left home-title\" style=\"color:#ffffff\">Solveig Serre<\/h1>\n[vc_empty_space height=\u00a0\u00bb100px\u00a0\u00bb]<h3 class=\"fac-title text-left\" style=\"color:#ffffff\">Solveig Serre est historienne et musicologue, directrice de recherche au CNRS<\/h3>\n[\/vc_column][\/vc_row][vc_row][vc_column]<h3 class=\"fac-title text-center\" style=\"color:#81d742\">Fonctions<\/h3>\n<ul class=\"timeline \">\n\t\t\t<li class=\"\">\n\t\t\t\t<div class=\"date\">2012\u2014<\/div>\n\t\t\t\t<div class=\"circle\"><\/div>\n\t\t\t\t<div class=\"data\"><div class=\"subject\">CNRS<\/div><div class=\"text row\">\n\t\t    <div class=\"col-md-12\">\n\t\t        <\/p>\n<ul>\n<li>Depuis 2022 \u2014 Directrice de recherche au CESR (UMR 7232), Tours<\/li>\n<li>2016-2022 \u2014 Charg\u00e9e de recherche au CESR (UMR 7323), Tours<\/li>\n<li>2012-2016 \u2014 Charg\u00e9e de recherche \u00e0 THALIM (UMR 7172), Paris<\/li>\n<\/ul>\n<p>\n\t\t    <\/div><\/div><\/div>\n\t\t\t<\/li>\n\t\t\t<li class=\"\">\n\t\t\t\t<div class=\"date\">2010\u20142011<\/div>\n\t\t\t\t<div class=\"circle\"><\/div>\n\t\t\t\t<div class=\"data\"><div class=\"subject\">Universit\u00e9 de Nantes<\/div><div class=\"text row\">\n\t\t    <div class=\"col-md-12\">\n\t\t        Post-doctorante<\/p>\n<p>ANR POESIS (porteuse Fran\u00e7oise Rubellin), LAMo (EA 4276)\n\t\t    <\/div><\/div><\/div>\n\t\t\t<\/li>\n\t\t\t<li class=\"\">\n\t\t\t\t<div class=\"date\">2001\u20142006<\/div>\n\t\t\t\t<div class=\"circle\"><\/div>\n\t\t\t\t<div class=\"data\"><div class=\"subject\">\u00c9cole nationale des chartes<\/div><div class=\"text row\">\n\t\t    <div class=\"col-md-12\">\n\t\t        \u00c9l\u00e8ve fonctionnaire stagiaire<\/p>\n<p>Obtention du dipl\u00f4me d&rsquo;archiviste pal\u00e9ographe en 2005\n\t\t    <\/div><\/div><\/div>\n\t\t\t<\/li><\/ul><h3 class=\"fac-title text-center\" style=\"color:#81d742\">Cursus studiorum<\/h3>\n<ul class=\"timeline \">\n\t\t\t<li class=\"\">\n\t\t\t\t<div class=\"date\">2025<\/div>\n\t\t\t\t<div class=\"circle\"><\/div>\n\t\t\t\t<div class=\"data\"><div class=\"subject\">Auditrice du Cycle des hautes \u00e9tudes de la Culture<\/div><div class=\"text row\">\n\t\t    <div class=\"col-md-12\">\n\t\t        Minist\u00e8re de la Culture, sixi\u00e8me session, promotion Koyo Kouoh<\/p>\n<p>M\u00e9moire consacr\u00e9 \u00e0 <em>La culture face \u00e0 la culture du clash,\u00a0<\/em>co-\u00e9crit avec Gilles Ciment (ECPAD), Crysalyne Gallet (M\u00e9tropple europ\u00e9enne de Lille), Gwena\u00eblle Groussard (DRAC Nouvelle Aquitaine), Pierre Haramburu (DRAC Hauts de France) et Louis Logodin (Artcena)\n\t\t    <\/div><\/div><\/div>\n\t\t\t<\/li>\n\t\t\t<li class=\"\">\n\t\t\t\t<div class=\"date\">2021<\/div>\n\t\t\t\t<div class=\"circle\"><\/div>\n\t\t\t\t<div class=\"data\"><div class=\"subject\">Habilitation \u00e0 diriger des recherches<\/div><div class=\"text row\">\n\t\t    <div class=\"col-md-12\">\n\t\t        <em>Culture contre culture<\/em><\/p>\n<p>EDSP 2, U. Bordeaux, Bordeaux<\/p>\n<p>Jury: Luc Rob\u00e8ne \u2014 (PR., U. de Bordeaux, garant), Dominique Bodin (PR., UPEC, rapporteur), Michelle Bubeniceck (PR., \u00c9cole nationale des chartes), Anne Dulphy (PR., \u00c9cole Polytechnique), Catherine Massip (DE \u00e9merite, EPHE), Denis Mellier (PR., U. de Poitiers, rapporteur), Pascal Ory (PR. \u00e9m\u00e9rite, U. Paris 1, pr\u00e9sident), Philippe Vendrix (DR CNRS, rapporteur)\n\t\t    <\/div><\/div><\/div>\n\t\t\t<\/li>\n\t\t\t<li class=\"\">\n\t\t\t\t<div class=\"date\">2006<\/div>\n\t\t\t\t<div class=\"circle\"><\/div>\n\t\t\t\t<div class=\"data\"><div class=\"subject\">Th\u00e8se de doctorat<\/div><div class=\"text row\">\n\t\t    <div class=\"col-md-12\">\n\t\t        <em>L\u2019Acad\u00e9mie royale de musique (1749-1789)<\/em><\/p>\n<p>Universit\u00e9 Paris Sorbonne, Paris<\/p>\n<p>Jury: Alain Cabantous (PR., U. Paris 1, directeur de la th\u00e8se), Philippe Bourdin (PR. Universit\u00e9 de Clermont-Auvergne), Denis Herlin (DR CNRS), Catherine Massip (DE EPHE), Jean Qu\u00e9-niart (PR. \u00e9m\u00e9rite \u00e0 l\u2019universit\u00e9 de Rennes 2, pr\u00e9sident)<\/p>\n<p>Mention Tr\u00e8s honorable avec les f\u00e9licitations du jury \u00e0 l\u2019unanimit\u00e9\n\t\t    <\/div><\/div><\/div>\n\t\t\t<\/li>\n\t\t\t<li class=\"\">\n\t\t\t\t<div class=\"date\">2005<\/div>\n\t\t\t\t<div class=\"circle\"><\/div>\n\t\t\t\t<div class=\"data\"><div class=\"subject\">Th\u00e8se d'archiviste pal\u00e9ographe<\/div><div class=\"text row\">\n\t\t    <div class=\"col-md-12\">\n\t\t        <em>L&rsquo;Acad\u00e9mie royale de musique (1749-1789)<\/em><\/p>\n<p>\u00c9cole nationale des chartes, Paris<\/p>\n<p>Obtention du dipl\u00f4me d\u2019archiviste pal\u00e9ographe\n\t\t    <\/div><\/div><\/div>\n\t\t\t<\/li><\/ul>[\/vc_column][\/vc_row][vc_row][vc_column]<h3 class=\"fac-title text-center\" style=\"color:#4b4b4b\">Prix et distinction<\/h3>\n<ul class=\"timeline \">\n\t\t\t<li class=\"\">\n\t\t\t\t<div class=\"date\">2023<\/div>\n\t\t\t\t<div class=\"circle\"><\/div>\n\t\t\t\t<div class=\"data\"><div class=\"subject\">Chevali\u00e8re des arts et des lettres<\/div><div class=\"text row\">\n\t\t    <div class=\"col-md-12\">\n\t\t        \n\t\t    <\/div><\/div><\/div>\n\t\t\t<\/li><\/ul><h3 class=\"fac-title text-center\" style=\"color:#4b4b4b\">Responsabilit\u00e9s collectives<\/h3>\n<ul class=\"timeline \">\n\t\t\t<li class=\"\">\n\t\t\t\t<div class=\"date\">2022\u2014<\/div>\n\t\t\t\t<div class=\"circle\"><\/div>\n\t\t\t\t<div class=\"data\"><div class=\"subject\">Pilotage de la recherche<\/div><div class=\"text row\">\n\t\t    <div class=\"col-md-12\">\n\t\t        Co-directrice, avec David Coeurjolly (DR CNRS) du programme de recherche Industries culturelles et cr\u00e9atives (PEPR ICCARE)<\/p>\n<p>\n\t\t    <\/div><\/div><\/div>\n\t\t\t<\/li>\n\t\t\t<li class=\"\">\n\t\t\t\t<div class=\"date\">2016\u2014<\/div>\n\t\t\t\t<div class=\"circle\"><\/div>\n\t\t\t\t<div class=\"data\"><div class=\"subject\">Direction d'unit\u00e9<\/div><div class=\"text row\">\n\t\t    <div class=\"col-md-12\">\n\t\t        <\/p>\n<ul>\n<li>2024-2025 \u2014 Directrice du CESR (UMR7323) par interim\n<ul>\n<li>40 chercheurs statutaires, 9 \u00e9m\u00e9rites, 18 personnels BIATSS\/UT, 55 doctorants<\/li>\n<\/ul>\n<\/li>\n<li>2022-2024 \u2014 Directrice adjointe du CESR (UMR7323)\n<ul>\n<li>40 chercheurs statutaires, 9 \u00e9m\u00e9rites, 18 personnels BIATSS\/UT, 55 doctorants<\/li>\n<\/ul>\n<\/li>\n<li>2016-2019 \u2014 Directrice d&rsquo;\u00e9quipe du p\u00f4le recherche du CMBV (CESR, UMR7323)\n<ul>\n<li>10 personnels de recherche et support<\/li>\n<\/ul>\n<\/li>\n<\/ul>\n<p>\n\t\t    <\/div><\/div><\/div>\n\t\t\t<\/li>\n\t\t\t<li class=\"\">\n\t\t\t\t<div class=\"date\">2016\u2014<\/div>\n\t\t\t\t<div class=\"circle\"><\/div>\n\t\t\t\t<div class=\"data\"><div class=\"subject\">Instances scientifiques<\/div><div class=\"text row\">\n\t\t    <div class=\"col-md-12\">\n\t\t        <\/p>\n<ul>\n<li>Depuis 2025 \u2014 Society for French Historical Studies\n<ul>\n<li>Pr\u00e9sidente<\/li>\n<\/ul>\n<\/li>\n<li>Depuis 2025 \u2014 MSH Paris-Saclay\n<ul>\n<li>Membre du conseil scientifique<\/li>\n<\/ul>\n<\/li>\n<li>Depuis 2024 \u2014 IPP\n<ul>\n<li>Membre du conseil acad\u00e9mique et membre de la commission recherche<\/li>\n<\/ul>\n<\/li>\n<li>Depuis 2023 \u2014 ENS Paris-Saclay\n<ul>\n<li>Membre du conseil scientifique<\/li>\n<\/ul>\n<\/li>\n<li>2016-2025 \u2014 CNRS, comit\u00e9 national, CID 50 (Gestion de la recherche)\n<ul>\n<li>Membre \u00e9lue (2016-2021), puis nomm\u00e9e (2021-2025); secr\u00e9taire scientifique depuis 2020, responsable \u00e9galit\u00e9 H\/F et handicap<\/li>\n<\/ul>\n<\/li>\n<li>2016-2021 \u2014 CNRS, comit\u00e9 national, section 35 (Sciences philosophiques, philologiques et de l&rsquo;art)\n<ul>\n<li>Membre \u00e9lue<\/li>\n<\/ul>\n<\/li>\n<li>Depuis 2018 \u2014 CESR (UMR 7323)\n<ul>\n<li>Membre nomm\u00e9e du conseil de laboratoire<\/li>\n<\/ul>\n<\/li>\n<li>2014-2016 \u2014 THALIM (UMR 7172)\n<ul>\n<li>Membre nomm\u00e9e du conseil de laboratoire<\/li>\n<\/ul>\n<\/li>\n<\/ul>\n<p>\n\t\t    <\/div><\/div><\/div>\n\t\t\t<\/li>\n\t\t\t<li class=\"\">\n\t\t\t\t<div class=\"date\">2012\u2014<\/div>\n\t\t\t\t<div class=\"circle\"><\/div>\n\t\t\t\t<div class=\"data\"><div class=\"subject\">Soci\u00e9t\u00e9s savantes<\/div><div class=\"text row\">\n\t\t    <div class=\"col-md-12\">\n\t\t        <\/p>\n<ul>\n<li>Depuis 2022 \u2013 Vice-pr\u00e9sidente de la French Society for Historical Study (SFHS)<\/li>\n<li>Depuis 2016 \u2013 Membre de l&rsquo;International Association for the Study of Popular Music (IASPM)<\/li>\n<li>2012-2019 \u2014 Soci\u00e9t\u00e9 fran\u00e7aise de musicologie (SFM). Membre \u00e9lue du conseil d&rsquo;administration<\/li>\n<\/ul>\n<p>\n\t\t    <\/div><\/div><\/div>\n\t\t\t<\/li><\/ul><h3 class=\"fac-title text-center\" style=\"color:#4b4b4b\">Programmes de recherche<\/h3>\n<ul class=\"timeline \">\n\t\t\t<li class=\"\">\n\t\t\t\t<div class=\"date\">2024\u2014<\/div>\n\t\t\t\t<div class=\"circle\"><\/div>\n\t\t\t\t<div class=\"data\"><div class=\"subject\">ICCARE<\/div><div class=\"text row\">\n\t\t    <div class=\"col-md-12\">\n\t\t        Programme de recherche Industries culturelles et cr\u00e9atives (<span class=\"s1\">ANR-23-PEIC-0001, <\/span>25M\u20ac), avec David Coeurjolly (DR au CNRS), <a href=\"http:\/\/pepr-iccare.fr\">pepr-iccare.fr<\/a><\/p>\n<ul>\n<li>Port\u00e9 par le CNRS, le PEPR constitue le volet recherche de la strat\u00e9gie d&rsquo;acc\u00e9l\u00e9ration ICC (SGPI). Il est dot\u00e9 de 25 M\u20ac pour une dur\u00e9e de six ans et a pour mission d&rsquo;accompagner, par la recherche, la fili\u00e8re ICC dans sa transformation et son adaptation aux grands enjeux num\u00e9riques, \u00e9conomiques et sociaux de demain.<\/li>\n<\/ul>\n<p>\n\t\t    <\/div><\/div><\/div>\n\t\t\t<\/li>\n\t\t\t<li class=\"\">\n\t\t\t\t<div class=\"date\">2024\u2014<\/div>\n\t\t\t\t<div class=\"circle\"><\/div>\n\t\t\t\t<div class=\"data\"><div class=\"subject\">PSIND<\/div><div class=\"text row\">\n\t\t    <div class=\"col-md-12\">\n\t\t        Caract\u00e9risation musicologique, sonore et perceptive du punk via des approches qualitatives et data-driven (517 000 \u20ac, AAP PRC 2024)<\/p>\n<ul>\n<li>Financement national, Co-PI (PI Luc Rob\u00e8ne PR U. de Bordeaux)<\/li>\n<\/ul>\n<p>\n\t\t    <\/div><\/div><\/div>\n\t\t\t<\/li>\n\t\t\t<li class=\"\">\n\t\t\t\t<div class=\"date\">2024\u2014<\/div>\n\t\t\t\t<div class=\"circle\"><\/div>\n\t\t\t\t<div class=\"data\"><div class=\"subject\">PSIND 0<\/div><div class=\"text row\">\n\t\t    <div class=\"col-md-12\">\n\t\t        Caract\u00e9risation musicologique, sonore et perceptive du punk via des approches qualitatives et data-driven (200 000 \u20ac, 80 PRIME)<\/p>\n<ul>\n<li>Financement CNRS MITI, PI<\/li>\n<\/ul>\n<p>\n\t\t    <\/div><\/div><\/div>\n\t\t\t<\/li>\n\t\t\t<li class=\"\">\n\t\t\t\t<div class=\"date\">2023\u2014<\/div>\n\t\t\t\t<div class=\"circle\"><\/div>\n\t\t\t\t<div class=\"data\"><div class=\"subject\">CONTRECULTOURS<\/div><div class=\"text row\">\n\t\t    <div class=\"col-md-12\">\n\t\t        Pour une histoire des contre-cultures en r\u00e9gion Centre Val-de-Loire (APRIR 2023, 210 000 \u20ac) en<\/p>\n<ul>\n<li>Financement r\u00e9gional, PI<\/li>\n<\/ul>\n<p>\n\t\t    <\/div><\/div><\/div>\n\t\t\t<\/li>\n\t\t\t<li class=\"\">\n\t\t\t\t<div class=\"date\">2022\u2014<\/div>\n\t\t\t\t<div class=\"circle\"><\/div>\n\t\t\t\t<div class=\"data\"><div class=\"subject\">MUSICOVID<\/div><div class=\"text row\">\n\t\t    <div class=\"col-md-12\">\n\t\t        Exp\u00e9riences musicales en temps de Covid: s&rsquo;adapter, r\u00e9sister, innover (AAP PRC 2021, 363 328 \u20ac)<\/p>\n<ul>\n<li>Financement national, PI<\/li>\n<\/ul>\n<p>\n\t\t    <\/div><\/div><\/div>\n\t\t\t<\/li>\n\t\t\t<li class=\"\">\n\t\t\t\t<div class=\"date\">2016 \u2014<\/div>\n\t\t\t\t<div class=\"circle\"><\/div>\n\t\t\t\t<div class=\"data\"><div class=\"subject\">PIND<\/div><div class=\"text row\">\n\t\t    <div class=\"col-md-12\">\n\t\t        Punk is not dead. Une histoire de la sc\u00e8ne punk en France, 1976-2016 (AAP JCJC 2016, 206 550 \u20ac)<\/p>\n<ul>\n<li>Financement national, PI<\/li>\n<\/ul>\n<p>\n\t\t    <\/div><\/div><\/div>\n\t\t\t<\/li><\/ul><h3 class=\"fac-title text-center\" style=\"color:#4b4b4b\">Mobilit\u00e9 internationale<\/h3>\n<ul class=\"timeline \">\n\t\t\t<li class=\"\">\n\t\t\t\t<div class=\"date\">2024<\/div>\n\t\t\t\t<div class=\"circle\"><\/div>\n\t\t\t\t<div class=\"data\"><div class=\"subject\">NYU<\/div><div class=\"text row\">\n\t\t    <div class=\"col-md-12\">\n\t\t        <\/p>\n<ul>\n<li>Mars-mai 2024 \u2014 Visiting professor, New York University, Institute of French Studies\n<ul>\n<li>Invit\u00e9e par Stephane Gerson, Professor of French Studies, French and History (28h, M2 et doctorat)<\/li>\n<\/ul>\n<\/li>\n<\/ul>\n<p>\n\t\t    <\/div><\/div><\/div>\n\t\t\t<\/li><\/ul><h3 class=\"fac-title text-center\" style=\"color:#4b4b4b\">Enseignement<\/h3>\n<ul class=\"timeline \">\n\t\t\t<li class=\"\">\n\t\t\t\t<div class=\"date\">2009\u2014<\/div>\n\t\t\t\t<div class=\"circle\"><\/div>\n\t\t\t\t<div class=\"data\"><div class=\"subject\">\u00c9cole Polytechnique<\/div><div class=\"text row\">\n\t\t    <div class=\"col-md-12\">\n\t\t        <\/p>\n<ul class=\"ul1\">\n<li class=\"li1\">Depuis 2021. Professeur charg\u00e9e de cours, d\u00e9partement HSS\n<ul class=\"ul1\">\n<li class=\"li1\">HSS413 D Du baroque au rock (M1, 24h annuelles)<\/li>\n<li class=\"li1\">HSS416 I Une histoire des musiques populaires (M1, 24h annuelles)<\/li>\n<\/ul>\n<\/li>\n<li class=\"li1\">S2009-2021. Charg\u00e9e de cours, d\u00e9partement HS\n<ul class=\"ul1\">\n<li class=\"li1\">HSS413 D Du baroque au rock (M1, 24h annuelles)<\/li>\n<li class=\"li1\">HSS416 I Une histoire des musiques populaires (M1, 24h annuelles)<\/li>\n<\/ul>\n<\/li>\n<\/ul>\n<p>\n\t\t    <\/div><\/div><\/div>\n\t\t\t<\/li>\n\t\t\t<li class=\"\">\n\t\t\t\t<div class=\"date\">2014\u20142017<\/div>\n\t\t\t\t<div class=\"circle\"><\/div>\n\t\t\t\t<div class=\"data\"><div class=\"subject\">Universit\u00e9 Sorbonne Nouvelle - Paris 3<\/div><div class=\"text row\">\n\t\t    <div class=\"col-md-12\">\n\t\t        <\/p>\n<ul class=\"ul1\">\n<li class=\"li1\">Charg\u00e9e de cours, UFR Arts et m\u00e9dias, d\u00e9partement de m\u00e9diation culturelle\n<ul class=\"ul1\">\n<li class=\"li1\">TD M9U701 Techniques de m\u00e9diation \u00e9crite de la musique (M2 M\u00e9diation de la musique, 12h annuelles)<\/li>\n<li class=\"li1\">TD M7M103 Musique et danse : approches musicologiques et sociologiques (M1 Conception et direction de projets culturels, 12h annuelles)<\/li>\n<li class=\"li1\">TD M6SD01 Histoire de la musique occidentale XVIe-XIXe si\u00e8cles (L2, 12h annuelles)<\/li>\n<li class=\"li1\">TD M4SD03 Histoire des musiques du XXe si\u00e8cle (L3, 12h annuelles)<\/li>\n<\/ul>\n<\/li>\n<\/ul>\n<p>\n\t\t    <\/div><\/div><\/div>\n\t\t\t<\/li><\/ul><h3 class=\"fac-title text-center\" style=\"color:#4b4b4b\">Encadrement<\/h3>\n<ul class=\"timeline \">\n\t\t\t<li class=\"\">\n\t\t\t\t<div class=\"date\">2016 \u2014<\/div>\n\t\t\t\t<div class=\"circle\"><\/div>\n\t\t\t\t<div class=\"data\"><div class=\"subject\">Encadrement post-doctoral<\/div><div class=\"text row\">\n\t\t    <div class=\"col-md-12\">\n\t\t        <\/p>\n<ul>\n<li>2023-2026. Baptiste Pilo, CNRS\/PEPR ICCARE, CESR (UMR 7323)<\/li>\n<li>2022-2025. Olivier Sass, U. de Tours\/Projet PIND, CESR (UMR 7323)<\/li>\n<li>2022-2023. Marion Brachet, U. de Tours\/ANR MUSICOVID, CESR (UMR 7323)<\/li>\n<li>2022-2023. Baptiste Pilo, U. de Tours\/ANR MUSICOVID, CESR (UMR 7323)<\/li>\n<li>2016-2018. Pierre Raboud, U. de Tours\/ANR PIND, CESR (UMR 7323)<\/li>\n<\/ul>\n<p>\n\t\t    <\/div><\/div><\/div>\n\t\t\t<\/li>\n\t\t\t<li class=\"\">\n\t\t\t\t<div class=\"date\">2018\u2014<\/div>\n\t\t\t\t<div class=\"circle\"><\/div>\n\t\t\t\t<div class=\"data\"><div class=\"subject\">Encadrement doctoral<\/div><div class=\"text row\">\n\t\t    <div class=\"col-md-12\">\n\t\t        <\/p>\n<ul>\n<li>Depuis 2024 \u2014 Agathe Mangialomini, <em>Caract\u00e9risation musicologique, acoustique et percep-tive du son punk via des approches qualitatives et data-driven<\/em>, U. de Tours, ED A&amp;L, co-encadrement avec Richard Kronland (DR CNRS)<\/li>\n<li>Depuis 2024 \u2014 Valentin Fouchet, <em>Les \u00e9motions punk en France (1976-1985)<\/em>, U. de Tours, ED A&amp;L, co-encadrement avec Luc Rob\u00e8ne (PF U. de Bordeaux)<\/li>\n<li>Depuis 2023 \u2014 Vincent Ferrara-Autran, <em>\u00c9tude de l\u2019influence des musiques savantes du XIXe si\u00e8cle sur le black metal progressiste<\/em>, U. de Tours, ED A&amp;L, co-encadrement avec Luc Rob\u00e8ne (U. de Bordeaux)<\/li>\n<li>Depuis 2023 \u2014 Clara Feltrin-Peyrot, <em>Cyberf\u00e9minisme : entre d\u00e9mocratisation des savoirs et pratiques normatives<\/em>, U. de Bordeaux, ED SP2, co-encadrement avec Luc Rob\u00e8ne (U. de Bordeaux)<\/li>\n<li>Depuis 2022 \u2014 Maxime Guebey, <em>Les \u00e9missions de rock et de pop music \u00e0 la t\u00e9l\u00e9vision fran\u00e7aise (1967-1988)<\/em>, U. de Tours, ED A&amp;L, co-encadrement avec Luc Rob\u00e8ne (U. de Bor-deaux)<\/li>\n<li>2018-2022 \u2014 Manuel Roux, <em>R\u00e9ussir en marge des institutions : l\u2019intelligence punk<\/em>, U. de Bor-deaux, EDSP 2, co-encadrement avec Luc Rob\u00e8ne (U. de Bordeaux)<\/li>\n<\/ul>\n<p>\n\t\t    <\/div><\/div><\/div>\n\t\t\t<\/li>\n\t\t\t<li class=\"\">\n\t\t\t\t<div class=\"date\">2021\u2014<\/div>\n\t\t\t\t<div class=\"circle\"><\/div>\n\t\t\t\t<div class=\"data\"><div class=\"subject\">Modal<\/div><div class=\"text row\">\n\t\t    <div class=\"col-md-12\">\n\t\t        \u00c9cole Polytechnique<\/p>\n<ul>\n<li>2025, \u00c9lo\u00efse Issartel, <em>Voir les lesbiennes : formation et histoire d\u2019une culture invisibilis\u00e9e<\/em><\/li>\n<li>2024 L\u00e9a Trivicic, <em>Ce que chercher veut dire : trois podcasts<\/em><\/li>\n<li>2023, Arthur Levy-Cussac, <em>Diff\u00e9rences entre les sc\u00e8nes techno parisienne et berlinoise <\/em>2023<\/li>\n<li>Gabriel Zetoun, <em>L\u2019influence de la musique dans l\u2019apprentissage d\u2019une langu<\/em><em>e<\/em><\/li>\n<li>2023, Charlotte Gayral, \u00ab Rapping about how the Big Apple is outta sight when you ain\u2019t never had a bite \u00bb: <em>l\u2019\u00e9mergence du rap \u00e0 New York dana la d\u00e9cennie 1970-1980<\/em><\/li>\n<li>2021, Guillaume Ingelaere, <em>La Miroiterie, squat punk et lieu de culture<\/em><\/li>\n<li>2021, Elie Attal et Loris Domeneghetti, <em>La musique algorithmique<\/em><\/li>\n<\/ul>\n<p>\n\t\t    <\/div><\/div><\/div>\n\t\t\t<\/li>\n\t\t\t<li class=\"\">\n\t\t\t\t<div class=\"date\">2015\u2014<\/div>\n\t\t\t\t<div class=\"circle\"><\/div>\n\t\t\t\t<div class=\"data\"><div class=\"subject\">Encadrement mast\u00e9ral<\/div><div class=\"text row\">\n\t\t    <div class=\"col-md-12\">\n\t\t        <\/p>\n<ul class=\"ul1\">\n<li class=\"li2\">2021-2022. Colombia University, Master 1\n<ul class=\"ul1\">\n<li class=\"li2\">Zachary McRae, <em>\u00ab We\u2019re just a pack of off the wall weirdoes with fringe leanings \u00bb: Claude Bessy and the Question of Identity and Inclusion in L.A. Punk, 1977-1981<\/em><\/li>\n<\/ul>\n<\/li>\n<li class=\"li2\">2016-2017. U. Paris 3 Sorbonne Nouvelle, UFR Arts et M\u00e9dias, d\u00e9partement de m\u00e9diation culturelle, Master 2 M\u00e9diation de la musique\n<ul class=\"ul1\">\n<li class=\"li2\">Max Beucher, <em>Les festivals de musiques actuelles de petite et moyenne envergures, une exp\u00e9rience alternative aux grands rassemblements<\/em><\/li>\n<li class=\"li2\">Tom Desplanque-Danceleux, <em>Le vieillissement de la sc\u00e8ne punk: l\u2019\u00e9volution d\u2019un mouvement \u00e9ph\u00e9m\u00e8re<\/em><\/li>\n<li class=\"li2\">Lucile Didier, <em>La vulgarisation de la musique classique par le tube: un outil de m\u00e9diation au service de la d\u00e9mocratisation culturelle<\/em><\/li>\n<li class=\"li2\">Cl\u00e9mence Ferrand, <em>Le punk sous l\u2019\u0153il de la presse quotidienne fran\u00e7aise (1975 &#8211; 1980) : le probl\u00e8me de m\u00e9diation d\u2019un mouvement jug\u00e9 marginal<\/em><\/li>\n<li class=\"li2\">Marie Onofrio, <em>L\u2019instrument au coeur de la m\u00e9diation de la musique? Le cas des instruments d\u2019\u00e9poque de la musique baroque<\/em><\/li>\n<\/ul>\n<\/li>\n<li class=\"li2\">2016-2017 U. Paris 3 Sorbonne Nouvelle, UFR Arts et M\u00e9dias, d\u00e9partement de m\u00e9diation culturelle, Master 1 Conception et direction de projets culturels.\n<ul class=\"ul1\">\n<li class=\"li2\">Mona Abousa\u00efd, <em>Les squats et leurs publics: des fonctions cr\u00e9atrices d\u2019identit\u00e9 contre-culturelle<\/em><\/li>\n<li class=\"li2\">Dominique Astier <em>La jeune g\u00e9n\u00e9ration des interpr\u00e8tes du baroque en France: situation des jeunes ensembles<\/em><\/li>\n<li class=\"li2\">Isabelle Bigot, <em>L\u2019\u00e9mergence du mouvement punk italien face aux ann\u00e9es de plomb: l\u2019exemple de la CCCP fedeli alla linea (1981-1982)<\/em><\/li>\n<li class=\"li2\">Christopher Bolard, <em>Quel message dans le rock contemporain?<\/em><\/li>\n<li class=\"li2\">Angelina Brossard, <em>Le Metal, un univers musical peu ouvert aux femmes artistes<\/em><\/li>\n<li class=\"li2\">Marion Clairet, <em>Le rock fran\u00e7ais est-il en voie de disparition?<\/em><\/li>\n<li class=\"li2\">Guillaume Dany, <em>Les nouvelles technologies in\ufb02uencent-elles le processus cr\u00e9atif des musiciens?<\/em><\/li>\n<li class=\"li2\">H\u00e9l\u00e8ne Delaleau, <em>Les lieux du punk \u00e0 Rouen (1976-2016)<\/em><\/li>\n<li class=\"li2\">Camille Derrey,<em> Consum\u00e9risme et nouvelles technologiques: transformation des pratiques musicales<\/em><\/li>\n<li class=\"li2\">Tom Desplanque-Danceleux, <em>Le vieillissement de la sc\u00e8ne punk: l\u2019\u00e9volution d\u2019un mouvement \u00e9ph\u00e9m\u00e8re<\/em><\/li>\n<li class=\"li2\">Lucile Didier, <em>La vulgarisation de la musique classique par le tube: un outil de m\u00e9diation au service de la d\u00e9mocratisation culturelle<\/em><\/li>\n<li class=\"li2\">Marion Fromy, <em>\u00ab I am the Lizard King, I can do anything \u00bb: fascinations et fantasmes autour de Jim Morrison<\/em><\/li>\n<li class=\"li2\">Diane Geo\ufb00roy, <em>Le centre de musique baroque de Versailles, trente ans d\u2019histoire au service de la red\u00e9couverte du patrimoine musical fran\u00e7ais<\/em><\/li>\n<li class=\"li2\">H\u00e9l\u00e8ne Gendek, <em>L\u2019alliance de la musique et du spectacle \u00e9questre, une nouvelle forme du spectacle vivant: l\u2019exemple de Bartabas avec le th\u00e9\u00e2tre Zingaro et l\u2019Acad\u00e9mie \u00e9questre de Versailles<\/em><\/li>\n<li class=\"li2\">Jeanne Harmonic, <em>Les e\ufb00ets de la pratique du chant choral sur les personnes ayant une d\u00e9\ufb01cience intellectuelle<\/em><\/li>\n<li class=\"li2\">Mathilde Naud, <em>Politique et art de la sc\u00e8ne: le cas du Cirque \u00c9lectrique \u00e0 Paris<\/em><\/li>\n<li class=\"li2\">Alicia Naxos, <em>Radio FMR (Toulouse): trente-cinq ans de radio libre<\/em><\/li>\n<li class=\"li2\">Estelle Marie, <em>L\u2019utilisation des r\u00e9seaux sociaux par les punks: Facebook, un outil mainstream au service d\u2019une communaut\u00e9 marginale<\/em><\/li>\n<li class=\"li2\">Sophie Newman, <em>La sc\u00e8ne pop fran\u00e7aise francophone au d\u00e9but des ann\u00e9es 2000 jusqu\u2019\u00e0 nos <\/em><em>jours: entre disparition et r\u00e9-appropriation de la langue fran\u00e7aise<\/em><\/li>\n<li class=\"li2\">Marie Onofrio, <em>Programmation musicale et genres musicaux \u00e0 Paris entre 2014 et 2016<\/em><\/li>\n<li class=\"li2\">Baptiste Reig, <em>Le drone, entre musiques savantes et musiques populaires<\/em><\/li>\n<li class=\"li2\">Justine Souabe, <em>La repr\u00e9sentation du punk fran\u00e7ais dans les m\u00e9dias audiovisuels<\/em><\/li>\n<\/ul>\n<\/li>\n<\/ul>\n<p>\n\t\t    <\/div><\/div><\/div>\n\t\t\t<\/li><\/ul><h3 class=\"fac-title text-center\" style=\"color:#4b4b4b\">Jurys<\/h3>\n<ul class=\"timeline \">\n\t\t\t<li class=\"\">\n\t\t\t\t<div class=\"date\">2025\u2014<\/div>\n\t\t\t\t<div class=\"circle\"><\/div>\n\t\t\t\t<div class=\"data\"><div class=\"subject\">Jurys d'HDR<\/div><div class=\"text row\">\n\t\t    <div class=\"col-md-12\">\n\t\t        <\/p>\n<ul>\n<li>2025\/11\/14 \u2014 \u00c9tienne Thoret, <em>De l\u2019interdisciplinarit\u00e9 dans les sciences et dans les sciences du son en particulier<\/em>, Institut de neuroscience de la Timone. Examinatrice.<\/li>\n<\/ul>\n<p>\n\t\t    <\/div><\/div><\/div>\n\t\t\t<\/li>\n\t\t\t<li class=\"\">\n\t\t\t\t<div class=\"date\">2010\u2014<\/div>\n\t\t\t\t<div class=\"circle\"><\/div>\n\t\t\t\t<div class=\"data\"><div class=\"subject\">Jurys de th\u00e8se<\/div><div class=\"text row\">\n\t\t    <div class=\"col-md-12\">\n\t\t        <\/p>\n<ul>\n<li>2024\/12\/11 \u2014 Baptiste Pointillard, <em>Le skateboard \u00e0 Bordeaux: histoire d&rsquo;une pratique urbaine (1975-2024)<\/em>, dir. Luc Rob\u00e8ne, U. de Bordeaux. Rapporteure<\/li>\n<li>2024\/12\/3 \u2014 Sacha Thi\u00e9baud, <em>\u00ab Si on continue comme \u00e7a, on n&rsquo;y arrivera jamais ! \u00bb: la fabrique des corps punks en sc\u00e8ne franc-comtoise<\/em>, dir. Audrey Tuaillon Dem\u00e9sy, U. Franche-Comt\u00e9. Rapporteure<\/li>\n<li>2023\/09\/05 \u2014 Aude Le Saux-Slimane, <em>Devenir graffeur: approche socioanthropologique de l\u2019embrassement d\u2019une carri\u00e8re graffiti dans les Mondes du graff\u2019 \u00e0 Montr\u00e9al et \u00e0 Rennes : entre processus initiatiques et d\u2019individuation<\/em>, dir. Dominique Bodin et Bob White, U. Paris-Est Cr\u00e9teil. Rapporteure.<\/li>\n<li>2023\/01\/20 \u2014 Simon Th\u00e9odore, <em>\u00c0 Thor et \u00e0 travers. La m\u00e9diatisation d\u2019un m\u00e9tal viking dans la presse Hard Rock en France (1983-2015)<\/em>, dir. Thomas Mohnike, U. de Strasbourg. Rapporteure.<\/li>\n<li>2023\/01\/04 \u2014 Matthias Glenn, <em>La fabrique du rock fran\u00e7ais (1955-1982) : sociologie historique d\u2019une nationalisation culturelle<\/em>, dir. St\u00e9phane Dufoix, U. de Nanterre. Pr\u00e9sidente.<\/li>\n<li>2022\/12\/10 \u2014 V\u00e9ronique Servat, <em>Les Inrockuptibles (1984-2010-: Contribution \u00e0 l\u2019 histoire sociale et culturelle des m\u00e9diations musicales<\/em>, dir. Pascale Goetschel, U. Paris 1. Rapporteure.<\/li>\n<li>2022\/06\/10 \u2014 Sangheon Lee, <em>Urgence et nihilisme: l\u2019\u00e9mergence du punk hardcore am\u00e9ricain<\/em>, dir. Herv\u00e9 Martin Lalibert\u00e9, U. Gustave Eiffel. Rapporteure et pr\u00e9sidente.<\/li>\n<li>2020\/12\/15 \u2014 Baptiste Pilo, <em>\u00c9mergence et essor du black metal en Norv\u00e8ge entre 1991 et 1999<\/em>, dir. Herv\u00e9 Lacombe, U. de Rennes 2. Membre du jury.<\/li>\n<li>2016\/04\/07 \u2014 Catherine Gendron, <em>L\u2019appartenance multiple comme condition de la construction des identit\u00e9s. L\u2019exemple de la so-cialisation adolescente dans et par le rap fran\u00e7ais<\/em>, dir. Dominique Bodin et Sophie Javerlhiac, U. Paris-Est Cr\u00e9teil. Rapporteure.<\/li>\n<\/ul>\n<p>\n\t\t    <\/div><\/div><\/div>\n\t\t\t<\/li>\n\t\t\t<li class=\"\">\n\t\t\t\t<div class=\"date\">2015\u2014<\/div>\n\t\t\t\t<div class=\"circle\"><\/div>\n\t\t\t\t<div class=\"data\"><div class=\"subject\">Jurys de master<\/div><div class=\"text row\">\n\t\t    <div class=\"col-md-12\">\n\t\t        \u2014 2020, U. Paris 1 Panth\u00e9on Sorbonne,<\/p>\n<p>\u2014 2015-2017 U. Paris 3 Sorbonne Nouvelle, UFR Arts et M\u00e9dias, d\u00e9partement de m\u00e9diation culturelle, Master 1 Conception et direction de projets culturels, jury de 28 M1 et 5 M2\n\t\t    <\/div><\/div><\/div>\n\t\t\t<\/li>\n\t\t\t<li class=\"\">\n\t\t\t\t<div class=\"date\">2016-2019<\/div>\n\t\t\t\t<div class=\"circle\"><\/div>\n\t\t\t\t<div class=\"data\"><div class=\"subject\">Jurys de concours<\/div><div class=\"text row\">\n\t\t    <div class=\"col-md-12\">\n\t\t        <\/p>\n<ul>\n<li>Concours universitaires\n<ul>\n<li>2023, universit\u00e9 Paris 1, membre du comit\u00e9 de s\u00e9lection du poste d&rsquo;histoire contemporaine 22-MCF-4763<\/li>\n<li>2015, universit\u00e9 de Lorraine, membre du comit\u00e9 de s\u00e9lection du poste de musicologie 22-MCF-0594<\/li>\n<\/ul>\n<\/li>\n<li>\u00c9cole normale sup\u00e9rieur de Lyon, concours d&rsquo;entr\u00e9e\n<ul>\n<li>Correctrice de l\u2019\u00e9preuve d\u2019admissibilit\u00e9 en histoire de la musique<\/li>\n<li>Responsable de l\u2019\u00e9preuve d\u2019admission sp\u00e9cialit\u00e9 arts\/musique\/interpr\u00e9tation<\/li>\n<li>Responsable de l\u2019\u00e9preuve d\u2019admission sp\u00e9cialit\u00e9 arts\/musique\/\u00e9criture musicale<\/li>\n<\/ul>\n<\/li>\n<\/ul>\n<p>\n\t\t    <\/div><\/div><\/div>\n\t\t\t<\/li>\n\t\t\t<li class=\"\">\n\t\t\t\t<div class=\"date\">2022\u2014<\/div>\n\t\t\t\t<div class=\"circle\"><\/div>\n\t\t\t\t<div class=\"data\"><div class=\"subject\">Autres<\/div><div class=\"text row\">\n\t\t    <div class=\"col-md-12\">\n\t\t        \u00c9cole Polytechnique, jury de passage deuxi\u00e8me ann\u00e9e\n\t\t    <\/div><\/div><\/div>\n\t\t\t<\/li><\/ul><h3 class=\"fac-title text-center\" style=\"color:#4b4b4b\">Activit\u00e9 \u00e9ditoriale<\/h3>\n<ul class=\"timeline \">\n\t\t\t<li class=\"\">\n\t\t\t\t<div class=\"date\">2018\u2014<\/div>\n\t\t\t\t<div class=\"circle\"><\/div>\n\t\t\t\t<div class=\"data\"><div class=\"subject\">Direction de collection<\/div><div class=\"text row\">\n\t\t    <div class=\"col-md-12\">\n\t\t        <\/p>\n<ul>\n<li>\u00a0Co-directrice, avec Luc Rob\u00e8ne, de la collection En marge ! aux \u00e9ditions Riveneuve<br \/>\nRelecture scientifique, conception et r\u00e9alisation<\/p>\n<ul>\n<li>2025,\u00a0L. Rob\u00e8ne et S. Serre (dir.), <em>Noir D\u00e9sir<\/em><\/li>\n<li>2024, A. Tuaillon Deme\u00e9y et\u00a0 C. Hougue, <em>Dictionnaire dissident du temps<\/em><\/li>\n<li>2023, L. Rob\u00e8ne et S. Serre (dir.), <em>B\u00e9rurier Noir<\/em><\/li>\n<li>2023, M. Roux, <em>Faire carri\u00e8re dans le punk: la sc\u00e8ne DIY<\/em><\/li>\n<li>2022, C. Becker, <em>G\u00e9om\u00e9trie de la souffrance: Genesis P-Orridgen + William Burroughs<\/em><\/li>\n<li>2022, B. Pilo, <em>Un feu dans le ciel nordique: le Black Metal en Norv\u00e8ge (1991-1999)<\/em><\/li>\n<li>2021, L. Rob\u00e8ne et S. Serre, <em>On stage\/Backstage: chroniques de nos recherches en terres punk<\/em>.<\/li>\n<li>2021, T. Heron, <em>Alternarive Ulster!: la sc\u00e8ne punk en Irlande du Nord (1976-1983)<\/em><\/li>\n<li>2020, O. Migliore, <em>Des cris et des cr\u00eates : chanter punk en fran\u00e7ais (1977-1989)<\/em><\/li>\n<li>2020, L. Rob\u00e8ne et S. Serre (dir.), <em>Underground ! Chroniques de recherche en terres punk<\/em><\/li>\n<li>2019, P. Raboud, <em>Fun et m\u00e9gaphones. L\u2019\u00e9mergence du punk en RDA, RFA, France et Suisse<\/em><\/li>\n<\/ul>\n<\/li>\n<\/ul>\n<p>\n\t\t    <\/div><\/div><\/div>\n\t\t\t<\/li>\n\t\t\t<li class=\"\">\n\t\t\t\t<div class=\"date\">2013-2018<\/div>\n\t\t\t\t<div class=\"circle\"><\/div>\n\t\t\t\t<div class=\"data\"><div class=\"subject\">Revues scientifiques<\/div><div class=\"text row\">\n\t\t    <div class=\"col-md-12\">\n\t\t        Revue de musicologie<\/p>\n<ul>\n<li>2016-2018 Membre du comit\u00e9 de lecture<\/li>\n<li>2013-2018 Charg\u00e9e des comptes rendus, num\u00e9ros 99\/1-102\/2 (300 pages environ)<\/li>\n<\/ul>\n<p>\n\t\t    <\/div><\/div><\/div>\n\t\t\t<\/li><\/ul><h3 class=\"fac-title text-center\" style=\"color:#4b4b4b\">\u00c9valuations<\/h3>\n<ul class=\"timeline \">\n\t\t\t<li class=\"\">\n\t\t\t\t<div class=\"date\">2012\u2014<\/div>\n\t\t\t\t<div class=\"circle\"><\/div>\n\t\t\t\t<div class=\"data\"><div class=\"subject\">\u00c9valuations scientifiques<\/div><div class=\"text row\">\n\t\t    <div class=\"col-md-12\">\n\t\t        Expertise d&rsquo;articles pour les revues <em>Dix-septi\u00e8me si\u00e8cle, Ethnologie fran\u00e7aise, Volume!, Revue de musicologie<\/em>.\n\t\t    <\/div><\/div><\/div>\n\t\t\t<\/li>\n\t\t\t<li class=\"\">\n\t\t\t\t<div class=\"date\">2012\u2014<\/div>\n\t\t\t\t<div class=\"circle\"><\/div>\n\t\t\t\t<div class=\"data\"><div class=\"subject\">\u00c9valuations de la recherche<\/div><div class=\"text row\">\n\t\t    <div class=\"col-md-12\">\n\t\t        \u00c9valuatrice pour le Conseil de recherches en sciences humaines du Canada, le Centre national de la danse, le HCERES, l&rsquo;ANR.\n\t\t    <\/div><\/div><\/div>\n\t\t\t<\/li>\n\t\t\t<li class=\"\">\n\t\t\t\t<div class=\"date\">2018\u2014<\/div>\n\t\t\t\t<div class=\"circle\"><\/div>\n\t\t\t\t<div class=\"data\"><div class=\"subject\">France Musique<\/div><div class=\"text row\">\n\t\t    <div class=\"col-md-12\">\n\t\t        Membre du jury du prix des Muses\n\t\t    <\/div><\/div><\/div>\n\t\t\t<\/li><\/ul><h3 class=\"fac-title text-center\" style=\"color:#4b4b4b\">Formations<\/h3>\n<ul class=\"timeline \">\n\t\t\t<li class=\"\">\n\t\t\t\t<div class=\"date\">2019\u2014<\/div>\n\t\t\t\t<div class=\"circle\"><\/div>\n\t\t\t\t<div class=\"data\"><div class=\"subject\">Formations<\/div><div class=\"text row\">\n\t\t    <div class=\"col-md-12\">\n\t\t        <\/p>\n<ul>\n<li>2024\/03 \u2014 Formation manag\u00e9riale Socle\/Directeur d&rsquo;unit\u00e9 (3 jours), CNRS, DR 16<\/li>\n<li>2023\/12 \u2014 Formation manag\u00e9riale Socle\/PEPR (3 jours), CNRS, DR 16<\/li>\n<li>2021-2022 \u2014 Anglais \u00e0 distance (30h), CNRS, DR 8<\/li>\n<li>2021\/05\/25-27 \u2014 Collaborer efficacement en t\u00e9l\u00e9travail (5h), CNRS, DR 8<\/li>\n<li>2021\/03\/15-16 \u2014 Dynamiser ses animations et ses \u00e9quipes (14h), CNRS, DR 8<\/li>\n<li>2019\/11\/18 \u2014 Encadrement des doctorants (7h), U. de Bordeaux, Bordeaux<\/li>\n<\/ul>\n<p>\n\t\t    <\/div><\/div><\/div>\n\t\t\t<\/li><\/ul>[\/vc_column][\/vc_row]<\/p>\n","protected":false},"excerpt":{"rendered":"<p>[vc_row parallax=\u00a0\u00bbcontent-moving\u00a0\u00bb parallax_image=\u00a0\u00bb1139&Prime; css=\u00a0\u00bb.vc_custom_1611139503454{background-color: rgba(252,252,252,0.61) !important;*background-color: rgb(252,252,252) !important;}\u00a0\u00bb][vc_column width=\u00a0\u00bb1\/2&Prime;][\/vc_column][vc_column width=\u00a0\u00bb1\/2&Prime;][vc_empty_space height=\u00a0\u00bb100px\u00a0\u00bb][vc_empty_space height=\u00a0\u00bb100px\u00a0\u00bb][\/vc_column][\/vc_row][vc_row][vc_column][\/vc_column][\/vc_row][vc_row][vc_column][\/vc_column][\/vc_row]<\/p>\n","protected":false},"author":1,"featured_media":0,"parent":0,"menu_order":0,"comment_status":"open","ping_status":"open","template":"page-pagebuilder.php","meta":[],"_links":{"self":[{"href":"https:\/\/www.solveig-serre.fr\/index.php\/wp-json\/wp\/v2\/pages\/134"}],"collection":[{"href":"https:\/\/www.solveig-serre.fr\/index.php\/wp-json\/wp\/v2\/pages"}],"about":[{"href":"https:\/\/www.solveig-serre.fr\/index.php\/wp-json\/wp\/v2\/types\/page"}],"author":[{"embeddable":true,"href":"https:\/\/www.solveig-serre.fr\/index.php\/wp-json\/wp\/v2\/users\/1"}],"replies":[{"embeddable":true,"href":"https:\/\/www.solveig-serre.fr\/index.php\/wp-json\/wp\/v2\/comments?post=134"}],"version-history":[{"count":221,"href":"https:\/\/www.solveig-serre.fr\/index.php\/wp-json\/wp\/v2\/pages\/134\/revisions"}],"predecessor-version":[{"id":1843,"href":"https:\/\/www.solveig-serre.fr\/index.php\/wp-json\/wp\/v2\/pages\/134\/revisions\/1843"}],"wp:attachment":[{"href":"https:\/\/www.solveig-serre.fr\/index.php\/wp-json\/wp\/v2\/media?parent=134"}],"curies":[{"name":"wp","href":"https:\/\/api.w.org\/{rel}","templated":true}]}}